{"id":2525,"date":"2024-01-28T20:53:10","date_gmt":"2024-01-28T20:53:10","guid":{"rendered":"https:\/\/retail.alojar.pt\/bajazet\/?page_id=2525"},"modified":"2024-02-03T18:27:37","modified_gmt":"2024-02-03T18:27:37","slug":"politica-de-privacidade","status":"publish","type":"page","link":"https:\/\/retail.alojar.pt\/bajazet\/politica-de-privacidade\/","title":{"rendered":"Pol\u00edtica de Privacidade"},"content":{"rendered":"\t\t<div data-elementor-type=\"wp-post\" data-elementor-id=\"2525\" class=\"elementor elementor-2525\">\n\t\t\t\t<div class=\"elementor-element elementor-element-c1b876d e-flex e-con-boxed e-con e-parent\" data-id=\"c1b876d\" data-element_type=\"container\">\n\t\t\t\t\t<div class=\"e-con-inner\">\n\t\t\t\t\t<\/div>\n\t\t\t\t<\/div>\n\t\t\t\t<section class=\"elementor-section elementor-top-section elementor-element elementor-element-5ddc358 elementor-section-boxed elementor-section-height-default elementor-section-height-default\" data-id=\"5ddc358\" data-element_type=\"section\">\n\t\t\t\t\t\t<div class=\"elementor-container elementor-column-gap-default\">\n\t\t\t\t\t<div class=\"elementor-column elementor-col-100 elementor-top-column elementor-element elementor-element-8137440\" data-id=\"8137440\" data-element_type=\"column\">\n\t\t\t<div class=\"elementor-widget-wrap elementor-element-populated\">\n\t\t\t\t\t\t<div class=\"elementor-element elementor-element-68fe716 elementor-widget elementor-widget-text-editor\" data-id=\"68fe716\" data-element_type=\"widget\" data-widget_type=\"text-editor.default\">\n\t\t\t\t<div class=\"elementor-widget-container\">\n\t\t\t\t\t\t\t<p><!-- wp:heading --><\/p>\n<div id=\"comp-kyahm0bt\" class=\"KcpHeO tz5f0K comp-kyahm0bt wixui-rich-text\" style=\"background: transparent; border: 0px; margin: 61px 0px 36px calc(50% - 490px); outline: 0px; padding: 0px; vertical-align: baseline; pointer-events: none; direction: var(--text-direction); min-height: var(--min-height); min-width: var(--min-width); overflow-wrap: break-word; position: relative; left: 30px; grid-area: 1 \/ 1 \/ 2 \/ 2; place-self: start; width: 951px; height: auto; color: #000000; font-family: Arial, Helvetica, sans-serif; font-size: 10px;\" data-testid=\"richTextElement\">\n<h1 class=\"font_0 wixui-rich-text__text\" style=\"background: transparent; pointer-events: auto; font-size: 43px; line-height: normal; letter-spacing: 0em; margin-block: 0px; margin-bottom: 0px;\"><span class=\"wixui-rich-text__text\" style=\"background: transparent; border: 0px; margin: 0px; outline: 0px; padding: 0px; vertical-align: baseline;\"><span class=\"wixui-rich-text__text\" style=\"background: transparent; border: 0px; margin: 0px; outline: 0px; padding: 0px; vertical-align: baseline; font-family: arial, '\uff4d\uff53 \uff50\u30b4\u30b7\u30c3\u30af', 'ms pgothic', \ub3cb\uc6c0, dotum, helvetica, sans-serif;\"><span class=\"wixui-rich-text__text\" style=\"background: transparent; border: 0px; margin: 0px; outline: 0px; padding: 0px; vertical-align: baseline;\"><span class=\"wixui-rich-text__text\" style=\"background: transparent; border: 0px; margin: 0px; outline: 0px; padding: 0px; vertical-align: baseline;\">Pol\u00edtica de Privacidade<\/span><\/span><\/span><\/span><\/h1>\n<h1 class=\"font_0 wixui-rich-text__text\" style=\"background: transparent; pointer-events: auto; font-size: 43px; line-height: normal; letter-spacing: 0em; margin-block: 0px; margin-bottom: 0px;\"><span class=\"wixui-rich-text__text\" style=\"background: transparent; border: 0px; margin: 0px; outline: 0px; padding: 0px; vertical-align: baseline;\"><span class=\"wixui-rich-text__text\" style=\"background: transparent; border: 0px; margin: 0px; outline: 0px; padding: 0px; vertical-align: baseline; font-family: arial, '\uff4d\uff53 \uff50\u30b4\u30b7\u30c3\u30af', 'ms pgothic', \ub3cb\uc6c0, dotum, helvetica, sans-serif;\"><span class=\"wixui-rich-text__text\" style=\"background: transparent; border: 0px; margin: 0px; outline: 0px; padding: 0px; vertical-align: baseline;\"><span class=\"wixui-rich-text__text\" style=\"background: transparent; border: 0px; margin: 0px; outline: 0px; padding: 0px; vertical-align: baseline; font-size: 24px;\">Tratamento e Prote\u00e7\u00e3o de Dados<\/span><\/span><\/span><\/span><\/h1>\n<\/div>\n<div id=\"comp-kyahm0c5\" class=\"KcpHeO tz5f0K comp-kyahm0c5 wixui-rich-text\" style=\"background: transparent; border: 0px; margin: 0px 0px 33px calc(50% - 490px); outline: 0px; padding: 0px; vertical-align: baseline; pointer-events: none; direction: var(--text-direction); min-height: var(--min-height); min-width: var(--min-width); overflow-wrap: break-word; position: relative; left: 30px; grid-area: 2 \/ 1 \/ 3 \/ 2; place-self: start; width: 800px; height: auto; color: #000000; font-family: Arial, Helvetica, sans-serif; font-size: 10px;\" data-testid=\"richTextElement\">\n<p class=\"font_8 wixui-rich-text__text\" style=\"background: transparent; pointer-events: auto; font-size: 16px; color: rgb(var(--color_13)); letter-spacing: 0em; margin-block: 0px; margin-bottom: 0px;\"><span class=\"wixui-rich-text__text\" style=\"background: transparent; border: 0px; margin: 0px; outline: 0px; padding: 0px; vertical-align: baseline;\"><span class=\"wixui-rich-text__text\" style=\"background: transparent; border: 0px; margin: 0px; outline: 0px; padding: 0px; vertical-align: baseline; font-family: arial, '\uff4d\uff53 \uff50\u30b4\u30b7\u30c3\u30af', 'ms pgothic', \ub3cb\uc6c0, dotum, helvetica, sans-serif;\">A Bajazet M\u00e1quinas e Equipamentos, S.A., doravante abreviadamente designada por \u201cBajazet\u201d, est\u00e1 especialmente empenhada em proteger a privacidade dos dados pessoais dos Colaboradores, bem como de todos os seus Clientes, potenciais Clientes, Parceiros e potenciais Parceiros, a que tenha acesso leg\u00edtimo e a cujo tratamento proceda no \u00e2mbito da sua atividade profissional, sempre no estrito cumprimento do\u00a0<span class=\"wixui-rich-text__text\" style=\"background: transparent; border: 0px; margin: 0px; outline: 0px; padding: 0px; vertical-align: baseline; font-weight: bold;\">Regulamento Geral de Prote\u00e7\u00e3o de Dados (RGPD), aprovado pelo Regulamento (UE) 2016\/679, do Parlamento Europeu e do Conselho, de 27 de abril de 2016, doravante identificado como \u201cRGPD\u201d<\/span>. Atrav\u00e9s desta Pol\u00edtica, a \u201cBajazet\u201d, enquanto respons\u00e1vel pelo tratamento de dados pessoais, pretende dar a conhecer o compromisso e as regras que implementou, designadamente no que diz respeito \u00e0s informa\u00e7\u00f5es pessoais recolhidas, o seu tratamento, fundamento e modo(s) de utiliza\u00e7\u00e3o, pautando a sua atua\u00e7\u00e3o neste dom\u00ednio pelos princ\u00edpios de licitude, lealdade, transpar\u00eancia e limita\u00e7\u00e3o.<\/span><\/span><\/p>\n<p class=\"font_8 wixui-rich-text__text\" style=\"background: transparent; pointer-events: auto; font-size: 16px; color: rgb(var(--color_13)); letter-spacing: 0em; margin-block: 0px; margin-bottom: 0px;\">\u00a0<\/p>\n<p class=\"font_8 wixui-rich-text__text\" style=\"background: transparent; pointer-events: auto; font-size: 16px; color: rgb(var(--color_13)); letter-spacing: 0em; margin-block: 0px; margin-bottom: 0px;\"><span class=\"wixui-rich-text__text\" style=\"background: transparent; border: 0px; margin: 0px; outline: 0px; padding: 0px; vertical-align: baseline; font-weight: bold;\"><span class=\"wixui-rich-text__text\" style=\"background: transparent; border: 0px; margin: 0px; outline: 0px; padding: 0px; vertical-align: baseline;\"><span class=\"wixui-rich-text__text\" style=\"background: transparent; border: 0px; margin: 0px; outline: 0px; padding: 0px; vertical-align: baseline; font-family: arial, '\uff4d\uff53 \uff50\u30b4\u30b7\u30c3\u30af', 'ms pgothic', \ub3cb\uc6c0, dotum, helvetica, sans-serif;\">1. DADOS PESSOAIS<\/span><\/span><\/span><\/p>\n<p class=\"font_8 wixui-rich-text__text\" style=\"background: transparent; pointer-events: auto; font-size: 16px; color: rgb(var(--color_13)); letter-spacing: 0em; margin-block: 0px; margin-bottom: 0px;\"><span class=\"wixui-rich-text__text\" style=\"background: transparent; border: 0px; margin: 0px; outline: 0px; padding: 0px; vertical-align: baseline;\"><span class=\"wixui-rich-text__text\" style=\"background: transparent; border: 0px; margin: 0px; outline: 0px; padding: 0px; vertical-align: baseline; font-family: arial, '\uff4d\uff53 \uff50\u30b4\u30b7\u30c3\u30af', 'ms pgothic', \ub3cb\uc6c0, dotum, helvetica, sans-serif;\">De acordo com o RGPD, entende-se por \u201cdados pessoais\u201d, toda a informa\u00e7\u00e3o relativa a uma pessoa singular identificada ou identific\u00e1vel, direta ou indiretamente, designadamente por refer\u00eancia a um identificador como por exemplo um nome, um n\u00famero de identifica\u00e7\u00e3o, dados de localiza\u00e7\u00e3o, identificadores por via eletr\u00f3nica e\/ou a um ou mais elementos espec\u00edficos da identidade f\u00edsica, fisiol\u00f3gica, gen\u00e9tica, mental, econ\u00f3mica, cultural ou social dessa pessoa singular.<\/span><\/span><\/p>\n<p class=\"font_8 wixui-rich-text__text\" style=\"background: transparent; pointer-events: auto; font-size: 16px; color: rgb(var(--color_13)); letter-spacing: 0em; margin-block: 0px; margin-bottom: 0px;\">\u00a0<\/p>\n<p class=\"font_8 wixui-rich-text__text\" style=\"background: transparent; pointer-events: auto; font-size: 16px; color: rgb(var(--color_13)); letter-spacing: 0em; margin-block: 0px; margin-bottom: 0px;\"><span class=\"wixui-rich-text__text\" style=\"background: transparent; border: 0px; margin: 0px; outline: 0px; padding: 0px; vertical-align: baseline; font-weight: bold;\"><span class=\"wixui-rich-text__text\" style=\"background: transparent; border: 0px; margin: 0px; outline: 0px; padding: 0px; vertical-align: baseline;\"><span class=\"wixui-rich-text__text\" style=\"background: transparent; border: 0px; margin: 0px; outline: 0px; padding: 0px; vertical-align: baseline; font-family: arial, '\uff4d\uff53 \uff50\u30b4\u30b7\u30c3\u30af', 'ms pgothic', \ub3cb\uc6c0, dotum, helvetica, sans-serif;\">2. RESPONS\u00c1VEL PELO TRATAMENTO DE DADOS PESSOAIS<\/span><\/span><\/span><\/p>\n<p class=\"font_8 wixui-rich-text__text\" style=\"background: transparent; pointer-events: auto; font-size: 16px; color: rgb(var(--color_13)); letter-spacing: 0em; margin-block: 0px; margin-bottom: 0px;\"><span class=\"wixui-rich-text__text\" style=\"background: transparent; border: 0px; margin: 0px; outline: 0px; padding: 0px; vertical-align: baseline;\"><span class=\"wixui-rich-text__text\" style=\"background: transparent; border: 0px; margin: 0px; outline: 0px; padding: 0px; vertical-align: baseline; font-family: arial, '\uff4d\uff53 \uff50\u30b4\u30b7\u30c3\u30af', 'ms pgothic', \ub3cb\uc6c0, dotum, helvetica, sans-serif;\"><span class=\"wixui-rich-text__text\" style=\"background: transparent; border: 0px; margin: 0px; outline: 0px; padding: 0px; vertical-align: baseline; font-weight: bold;\">2.1.\u00a0<\/span>A \u201cBajazet \u201c\u00e9 a entidade respons\u00e1vel pela recolha e tratamento dos dados pessoais para as finalidades indicadas.<\/span><\/span><\/p>\n<p class=\"font_8 wixui-rich-text__text\" style=\"background: transparent; pointer-events: auto; font-size: 16px; color: rgb(var(--color_13)); letter-spacing: 0em; margin-block: 0px; margin-bottom: 0px;\"><span class=\"wixui-rich-text__text\" style=\"background: transparent; border: 0px; margin: 0px; outline: 0px; padding: 0px; vertical-align: baseline;\"><span class=\"wixui-rich-text__text\" style=\"background: transparent; border: 0px; margin: 0px; outline: 0px; padding: 0px; vertical-align: baseline; font-family: arial, '\uff4d\uff53 \uff50\u30b4\u30b7\u30c3\u30af', 'ms pgothic', \ub3cb\uc6c0, dotum, helvetica, sans-serif;\"><span class=\"wixui-rich-text__text\" style=\"background: transparent; border: 0px; margin: 0px; outline: 0px; padding: 0px; vertical-align: baseline; font-weight: bold;\">2.2.<\/span>\u00a0No caso de considerar que a informa\u00e7\u00e3o constante da presente informa\u00e7\u00e3o n\u00e3o \u00e9 suficientemente esclarecedora e\/ou transparente, ou por qualquer outro motivo que considere relevante, entre em contacto connosco atrav\u00e9s do seguinte e-mail:\u00a0<span class=\"wixui-rich-text__text\" style=\"background: transparent; border: 0px; margin: 0px; outline: 0px; padding: 0px; vertical-align: baseline; text-decoration-line: underline;\"><a class=\"wixui-rich-text__text\" style=\"background-image: initial; background-position: initial; background-size: initial; background-repeat: initial; background-attachment: initial; background-origin: initial; background-clip: initial; border: 0px; margin: 0px; outline: 0px; padding: 0px; vertical-align: baseline; cursor: pointer;\" href=\"mailto:protecaodedados@bajazet.pt\" target=\"_self\">protecaodedados@bajazet.pt<\/a><\/span><\/span><\/span><\/p>\n<p class=\"font_8 wixui-rich-text__text\" style=\"background: transparent; pointer-events: auto; font-size: 16px; color: rgb(var(--color_13)); letter-spacing: 0em; margin-block: 0px; margin-bottom: 0px;\">\u00a0<\/p>\n<p class=\"font_8 wixui-rich-text__text\" style=\"background: transparent; pointer-events: auto; font-size: 16px; color: rgb(var(--color_13)); letter-spacing: 0em; margin-block: 0px; margin-bottom: 0px;\"><span class=\"wixui-rich-text__text\" style=\"background: transparent; border: 0px; margin: 0px; outline: 0px; padding: 0px; vertical-align: baseline; font-weight: bold;\"><span class=\"wixui-rich-text__text\" style=\"background: transparent; border: 0px; margin: 0px; outline: 0px; padding: 0px; vertical-align: baseline;\"><span class=\"wixui-rich-text__text\" style=\"background: transparent; border: 0px; margin: 0px; outline: 0px; padding: 0px; vertical-align: baseline; font-family: arial, '\uff4d\uff53 \uff50\u30b4\u30b7\u30c3\u30af', 'ms pgothic', \ub3cb\uc6c0, dotum, helvetica, sans-serif;\">3. QUE DADOS PESSOAIS S\u00c3O RECOLHIDOS<\/span><\/span><\/span><\/p>\n<p class=\"font_8 wixui-rich-text__text\" style=\"background: transparent; pointer-events: auto; font-size: 16px; color: rgb(var(--color_13)); letter-spacing: 0em; margin-block: 0px; margin-bottom: 0px;\"><span class=\"wixui-rich-text__text\" style=\"background: transparent; border: 0px; margin: 0px; outline: 0px; padding: 0px; vertical-align: baseline;\"><span class=\"wixui-rich-text__text\" style=\"background: transparent; border: 0px; margin: 0px; outline: 0px; padding: 0px; vertical-align: baseline; font-family: arial, '\uff4d\uff53 \uff50\u30b4\u30b7\u30c3\u30af', 'ms pgothic', \ub3cb\uc6c0, dotum, helvetica, sans-serif;\">De acordo com a atividade a que se dedica, a \u201cBajazet\u201d, procede \u00e0 recolha e ao tratamento dos dados pessoais estritamente necess\u00e1rios ao fornecimento\/execu\u00e7\u00e3o dos servi\u00e7os prestados\u00a0 aos seus Clientes, tais como o nome, o endere\u00e7o, dados do Cart\u00e3o de Cidad\u00e3o\/Passaporte, n\u00famero de identifica\u00e7\u00e3o fiscal, contactos telef\u00f3nicos e eletr\u00f3nicos, entre outros que, perante uma situa\u00e7\u00e3o concreta, se afigurem necess\u00e1rios e\/ou legalmente exig\u00edveis.<\/span><\/span><\/p>\n<p class=\"font_8 wixui-rich-text__text\" style=\"background: transparent; pointer-events: auto; font-size: 16px; color: rgb(var(--color_13)); letter-spacing: 0em; margin-block: 0px; margin-bottom: 0px;\">\u00a0<\/p>\n<p class=\"font_8 wixui-rich-text__text\" style=\"background: transparent; pointer-events: auto; font-size: 16px; color: rgb(var(--color_13)); letter-spacing: 0em; margin-block: 0px; margin-bottom: 0px;\"><span class=\"wixui-rich-text__text\" style=\"background: transparent; border: 0px; margin: 0px; outline: 0px; padding: 0px; vertical-align: baseline; font-weight: bold;\"><span class=\"wixui-rich-text__text\" style=\"background: transparent; border: 0px; margin: 0px; outline: 0px; padding: 0px; vertical-align: baseline;\"><span class=\"wixui-rich-text__text\" style=\"background: transparent; border: 0px; margin: 0px; outline: 0px; padding: 0px; vertical-align: baseline; font-family: arial, '\uff4d\uff53 \uff50\u30b4\u30b7\u30c3\u30af', 'ms pgothic', \ub3cb\uc6c0, dotum, helvetica, sans-serif;\">4. QUANDO E COMO S\u00c3O RECOLHIDOS\/TRATADOS DADOS PESSOAIS<\/span><\/span><\/span><\/p>\n<p class=\"font_8 wixui-rich-text__text\" style=\"background: transparent; pointer-events: auto; font-size: 16px; color: rgb(var(--color_13)); letter-spacing: 0em; margin-block: 0px; margin-bottom: 0px;\"><span class=\"wixui-rich-text__text\" style=\"background: transparent; border: 0px; margin: 0px; outline: 0px; padding: 0px; vertical-align: baseline;\"><span class=\"wixui-rich-text__text\" style=\"background: transparent; border: 0px; margin: 0px; outline: 0px; padding: 0px; vertical-align: baseline; font-family: arial, '\uff4d\uff53 \uff50\u30b4\u30b7\u30c3\u30af', 'ms pgothic', \ub3cb\uc6c0, dotum, helvetica, sans-serif;\"><span class=\"wixui-rich-text__text\" style=\"background: transparent; border: 0px; margin: 0px; outline: 0px; padding: 0px; vertical-align: baseline; font-weight: bold;\">4.1.\u00a0<\/span>A \u201cBajazet\u201d poder\u00e1 recolher e tratar dados pessoais quando o Cliente ou potencial Cliente a interpele no \u00e2mbito de dilig\u00eancias pr\u00e9-contratuais e\/ou para efeitos de celebra\u00e7\u00e3o de um contrato e para contactos institucionais ou de cortesia.<\/span><\/span><\/p>\n<p class=\"font_8 wixui-rich-text__text\" style=\"background: transparent; pointer-events: auto; font-size: 16px; color: rgb(var(--color_13)); letter-spacing: 0em; margin-block: 0px; margin-bottom: 0px;\"><span class=\"wixui-rich-text__text\" style=\"background: transparent; border: 0px; margin: 0px; outline: 0px; padding: 0px; vertical-align: baseline;\"><span class=\"wixui-rich-text__text\" style=\"background: transparent; border: 0px; margin: 0px; outline: 0px; padding: 0px; vertical-align: baseline; font-family: arial, '\uff4d\uff53 \uff50\u30b4\u30b7\u30c3\u30af', 'ms pgothic', \ub3cb\uc6c0, dotum, helvetica, sans-serif;\"><span class=\"wixui-rich-text__text\" style=\"background: transparent; border: 0px; margin: 0px; outline: 0px; padding: 0px; vertical-align: baseline; font-weight: bold;\">4.2.\u00a0<\/span>A \u201cBajazet\u201d proceder\u00e1 \u00e0 recolha dos dados pessoais dos seus Clientes e potenciais Clientes, atrav\u00e9s das seguintes modalidades: contacto presencial; telefone; via postal; correio eletr\u00f3nico; website.<\/span><\/span><\/p>\n<p class=\"font_8 wixui-rich-text__text\" style=\"background: transparent; pointer-events: auto; font-size: 16px; color: rgb(var(--color_13)); letter-spacing: 0em; margin-block: 0px; margin-bottom: 0px;\">\u00a0<\/p>\n<p class=\"font_8 wixui-rich-text__text\" style=\"background: transparent; pointer-events: auto; font-size: 16px; color: rgb(var(--color_13)); letter-spacing: 0em; margin-block: 0px; margin-bottom: 0px;\"><span class=\"wixui-rich-text__text\" style=\"background: transparent; border: 0px; margin: 0px; outline: 0px; padding: 0px; vertical-align: baseline;\"><span class=\"wixui-rich-text__text\" style=\"background: transparent; border: 0px; margin: 0px; outline: 0px; padding: 0px; vertical-align: baseline; font-family: arial, '\uff4d\uff53 \uff50\u30b4\u30b7\u30c3\u30af', 'ms pgothic', \ub3cb\uc6c0, dotum, helvetica, sans-serif;\"><span class=\"wixui-rich-text__text\" style=\"background: transparent; border: 0px; margin: 0px; outline: 0px; padding: 0px; vertical-align: baseline; font-weight: bold;\">5. FUNDAMENTO JUR\u00cdDICO DA RECOLHA E TRATAMENTO DE DADOS PESSOAIS<\/span><\/span><\/span><\/p>\n<p class=\"font_8 wixui-rich-text__text\" style=\"background: transparent; pointer-events: auto; font-size: 16px; color: rgb(var(--color_13)); letter-spacing: 0em; margin-block: 0px; margin-bottom: 0px;\"><span class=\"wixui-rich-text__text\" style=\"background: transparent; border: 0px; margin: 0px; outline: 0px; padding: 0px; vertical-align: baseline;\"><span class=\"wixui-rich-text__text\" style=\"background: transparent; border: 0px; margin: 0px; outline: 0px; padding: 0px; vertical-align: baseline; font-family: arial, '\uff4d\uff53 \uff50\u30b4\u30b7\u30c3\u30af', 'ms pgothic', \ub3cb\uc6c0, dotum, helvetica, sans-serif;\">Os dados pessoais dos Clientes e potenciais Clientes da \u201cBajazet\u201d podem ser recolhidos e tratados:<\/span><\/span><\/p>\n<p class=\"font_8 wixui-rich-text__text\" style=\"background: transparent; pointer-events: auto; font-size: 16px; color: rgb(var(--color_13)); letter-spacing: 0em; margin-block: 0px; margin-bottom: 0px;\"><span class=\"wixui-rich-text__text\" style=\"background: transparent; border: 0px; margin: 0px; outline: 0px; padding: 0px; vertical-align: baseline;\"><span class=\"wixui-rich-text__text\" style=\"background: transparent; border: 0px; margin: 0px; outline: 0px; padding: 0px; vertical-align: baseline; font-family: arial, '\uff4d\uff53 \uff50\u30b4\u30b7\u30c3\u30af', 'ms pgothic', \ub3cb\uc6c0, dotum, helvetica, sans-serif;\"><span class=\"wixui-rich-text__text\" style=\"background: transparent; border: 0px; margin: 0px; outline: 0px; padding: 0px; vertical-align: baseline; font-weight: bold;\">a)<\/span>\u00a0Quando tal recolha e tratamento for necess\u00e1ria para a execu\u00e7\u00e3o\/cumprimento de um contrato no qual o titular dos dados seja Parte ou, bem assim, para a execu\u00e7\u00e3o de dilig\u00eancias pr\u00e9 contratuais que tenham sido solicitadas pelo titular dos dados.<\/span><\/span><\/p>\n<p class=\"font_8 wixui-rich-text__text\" style=\"background: transparent; pointer-events: auto; font-size: 16px; color: rgb(var(--color_13)); letter-spacing: 0em; margin-block: 0px; margin-bottom: 0px;\"><span class=\"wixui-rich-text__text\" style=\"background: transparent; border: 0px; margin: 0px; outline: 0px; padding: 0px; vertical-align: baseline;\"><span class=\"wixui-rich-text__text\" style=\"background: transparent; border: 0px; margin: 0px; outline: 0px; padding: 0px; vertical-align: baseline; font-family: arial, '\uff4d\uff53 \uff50\u30b4\u30b7\u30c3\u30af', 'ms pgothic', \ub3cb\uc6c0, dotum, helvetica, sans-serif;\"><span class=\"wixui-rich-text__text\" style=\"background: transparent; border: 0px; margin: 0px; outline: 0px; padding: 0px; vertical-align: baseline; font-weight: bold;\">b)<\/span>\u00a0Quando a recolha e tratamento for necess\u00e1ria para o cumprimento de uma obriga\u00e7\u00e3o legal a que a \u201cBajazet\u201d, enquanto respons\u00e1vel pelo tratamento de dados e\/ou o titular dos dados, esteja(m) sujeito(s);<\/span><\/span><\/p>\n<p class=\"font_8 wixui-rich-text__text\" style=\"background: transparent; pointer-events: auto; font-size: 16px; color: rgb(var(--color_13)); letter-spacing: 0em; margin-block: 0px; margin-bottom: 0px;\"><span class=\"wixui-rich-text__text\" style=\"background: transparent; border: 0px; margin: 0px; outline: 0px; padding: 0px; vertical-align: baseline;\"><span class=\"wixui-rich-text__text\" style=\"background: transparent; border: 0px; margin: 0px; outline: 0px; padding: 0px; vertical-align: baseline; font-family: arial, '\uff4d\uff53 \uff50\u30b4\u30b7\u30c3\u30af', 'ms pgothic', \ub3cb\uc6c0, dotum, helvetica, sans-serif;\"><span class=\"wixui-rich-text__text\" style=\"background: transparent; border: 0px; margin: 0px; outline: 0px; padding: 0px; vertical-align: baseline; font-weight: bold;\">c)\u00a0<\/span>Quando o seu titular tiver dado o seu consentimento para o tratamento dos seus dados para uma ou mais finalidades espec\u00edficas.<\/span><\/span><\/p>\n<p class=\"font_8 wixui-rich-text__text\" style=\"background: transparent; pointer-events: auto; font-size: 16px; color: rgb(var(--color_13)); letter-spacing: 0em; margin-block: 0px; margin-bottom: 0px;\">\u00a0<\/p>\n<p class=\"font_8 wixui-rich-text__text\" style=\"background: transparent; pointer-events: auto; font-size: 16px; color: rgb(var(--color_13)); letter-spacing: 0em; margin-block: 0px; margin-bottom: 0px;\"><span class=\"wixui-rich-text__text\" style=\"background: transparent; border: 0px; margin: 0px; outline: 0px; padding: 0px; vertical-align: baseline; font-weight: bold;\"><span class=\"wixui-rich-text__text\" style=\"background: transparent; border: 0px; margin: 0px; outline: 0px; padding: 0px; vertical-align: baseline;\"><span class=\"wixui-rich-text__text\" style=\"background: transparent; border: 0px; margin: 0px; outline: 0px; padding: 0px; vertical-align: baseline; font-family: arial, '\uff4d\uff53 \uff50\u30b4\u30b7\u30c3\u30af', 'ms pgothic', \ub3cb\uc6c0, dotum, helvetica, sans-serif;\">6. FINALIDADES DO TRATAMENTO DE DADOS PESSOAIS<\/span><\/span><\/span><\/p>\n<p class=\"font_8 wixui-rich-text__text\" style=\"background: transparent; pointer-events: auto; font-size: 16px; color: rgb(var(--color_13)); letter-spacing: 0em; margin-block: 0px; margin-bottom: 0px;\"><span class=\"wixui-rich-text__text\" style=\"background: transparent; border: 0px; margin: 0px; outline: 0px; padding: 0px; vertical-align: baseline;\"><span class=\"wixui-rich-text__text\" style=\"background: transparent; border: 0px; margin: 0px; outline: 0px; padding: 0px; vertical-align: baseline; font-family: arial, '\uff4d\uff53 \uff50\u30b4\u30b7\u30c3\u30af', 'ms pgothic', \ub3cb\uc6c0, dotum, helvetica, sans-serif;\">A recolha dos dados pessoais dos Clientes e potenciais Clientes da \u201cBajazet\u201d, destina-se:<\/span><\/span><\/p>\n<p class=\"font_8 wixui-rich-text__text\" style=\"background: transparent; pointer-events: auto; font-size: 16px; color: rgb(var(--color_13)); letter-spacing: 0em; margin-block: 0px; margin-bottom: 0px;\"><span class=\"wixui-rich-text__text\" style=\"background: transparent; border: 0px; margin: 0px; outline: 0px; padding: 0px; vertical-align: baseline;\"><span class=\"wixui-rich-text__text\" style=\"background: transparent; border: 0px; margin: 0px; outline: 0px; padding: 0px; vertical-align: baseline; font-family: arial, '\uff4d\uff53 \uff50\u30b4\u30b7\u30c3\u30af', 'ms pgothic', \ub3cb\uc6c0, dotum, helvetica, sans-serif;\"><span class=\"wixui-rich-text__text\" style=\"background: transparent; border: 0px; margin: 0px; outline: 0px; padding: 0px; vertical-align: baseline; font-weight: bold;\">a)<\/span>\u00a0\u00c0 prossecu\u00e7\u00e3o da atividade comercial da \u201cBajazet\u201d, enquanto empresa legalmente habilitada.<\/span><\/span><\/p>\n<p class=\"font_8 wixui-rich-text__text\" style=\"background: transparent; pointer-events: auto; font-size: 16px; color: rgb(var(--color_13)); letter-spacing: 0em; margin-block: 0px; margin-bottom: 0px;\"><span class=\"wixui-rich-text__text\" style=\"background: transparent; border: 0px; margin: 0px; outline: 0px; padding: 0px; vertical-align: baseline;\"><span class=\"wixui-rich-text__text\" style=\"background: transparent; border: 0px; margin: 0px; outline: 0px; padding: 0px; vertical-align: baseline; font-family: arial, '\uff4d\uff53 \uff50\u30b4\u30b7\u30c3\u30af', 'ms pgothic', \ub3cb\uc6c0, dotum, helvetica, sans-serif;\"><span class=\"wixui-rich-text__text\" style=\"background: transparent; border: 0px; margin: 0px; outline: 0px; padding: 0px; vertical-align: baseline; font-weight: bold;\">b)\u00a0<\/span>Cumprimento de imposi\u00e7\u00f5es legais.<\/span><\/span><\/p>\n<p class=\"font_8 wixui-rich-text__text\" style=\"background: transparent; pointer-events: auto; font-size: 16px; color: rgb(var(--color_13)); letter-spacing: 0em; margin-block: 0px; margin-bottom: 0px;\"><span class=\"wixui-rich-text__text\" style=\"background: transparent; border: 0px; margin: 0px; outline: 0px; padding: 0px; vertical-align: baseline;\"><span class=\"wixui-rich-text__text\" style=\"background: transparent; border: 0px; margin: 0px; outline: 0px; padding: 0px; vertical-align: baseline; font-family: arial, '\uff4d\uff53 \uff50\u30b4\u30b7\u30c3\u30af', 'ms pgothic', \ub3cb\uc6c0, dotum, helvetica, sans-serif;\"><span class=\"wixui-rich-text__text\" style=\"background: transparent; border: 0px; margin: 0px; outline: 0px; padding: 0px; vertical-align: baseline; font-weight: bold;\">c)\u00a0<\/span>\u00c0 concretiza\u00e7\u00e3o\/execu\u00e7\u00e3o dos servi\u00e7os que lhe sejam solicitados pelos Clientes ou potenciais Clientes;<\/span><\/span><\/p>\n<p class=\"font_8 wixui-rich-text__text\" style=\"background: transparent; pointer-events: auto; font-size: 16px; color: rgb(var(--color_13)); letter-spacing: 0em; margin-block: 0px; margin-bottom: 0px;\"><span class=\"wixui-rich-text__text\" style=\"background: transparent; border: 0px; margin: 0px; outline: 0px; padding: 0px; vertical-align: baseline;\"><span class=\"wixui-rich-text__text\" style=\"background: transparent; border: 0px; margin: 0px; outline: 0px; padding: 0px; vertical-align: baseline; font-family: arial, '\uff4d\uff53 \uff50\u30b4\u30b7\u30c3\u30af', 'ms pgothic', \ub3cb\uc6c0, dotum, helvetica, sans-serif;\"><span class=\"wixui-rich-text__text\" style=\"background: transparent; border: 0px; margin: 0px; outline: 0px; padding: 0px; vertical-align: baseline; font-weight: bold;\">d)\u00a0<\/span>\u00c0 realiza\u00e7\u00e3o de processamentos de natureza estat\u00edstica interna;<\/span><\/span><\/p>\n<p class=\"font_8 wixui-rich-text__text\" style=\"background: transparent; pointer-events: auto; font-size: 16px; color: rgb(var(--color_13)); letter-spacing: 0em; margin-block: 0px; margin-bottom: 0px;\"><span class=\"wixui-rich-text__text\" style=\"background: transparent; border: 0px; margin: 0px; outline: 0px; padding: 0px; vertical-align: baseline;\"><span class=\"wixui-rich-text__text\" style=\"background: transparent; border: 0px; margin: 0px; outline: 0px; padding: 0px; vertical-align: baseline; font-family: arial, '\uff4d\uff53 \uff50\u30b4\u30b7\u30c3\u30af', 'ms pgothic', \ub3cb\uc6c0, dotum, helvetica, sans-serif;\"><span class=\"wixui-rich-text__text\" style=\"background: transparent; border: 0px; margin: 0px; outline: 0px; padding: 0px; vertical-align: baseline; font-weight: bold;\">e)<\/span>\u00a0\u00c0 eventual oferta de novos servi\u00e7os, tendo em vista a satisfa\u00e7\u00e3o das necessidades e interesses dos seus Clientes e potenciais Clientes:<\/span><\/span><\/p>\n<p class=\"font_8 wixui-rich-text__text\" style=\"background: transparent; pointer-events: auto; font-size: 16px; color: rgb(var(--color_13)); letter-spacing: 0em; margin-block: 0px; margin-bottom: 0px;\">\u00a0<\/p>\n<p class=\"font_8 wixui-rich-text__text\" style=\"background: transparent; pointer-events: auto; font-size: 16px; color: rgb(var(--color_13)); letter-spacing: 0em; margin-block: 0px; margin-bottom: 0px;\"><span class=\"wixui-rich-text__text\" style=\"background: transparent; border: 0px; margin: 0px; outline: 0px; padding: 0px; vertical-align: baseline; font-weight: bold;\"><span class=\"wixui-rich-text__text\" style=\"background: transparent; border: 0px; margin: 0px; outline: 0px; padding: 0px; vertical-align: baseline;\"><span class=\"wixui-rich-text__text\" style=\"background: transparent; border: 0px; margin: 0px; outline: 0px; padding: 0px; vertical-align: baseline; font-family: arial, '\uff4d\uff53 \uff50\u30b4\u30b7\u30c3\u30af', 'ms pgothic', \ub3cb\uc6c0, dotum, helvetica, sans-serif;\">7. PRAZO DE CONSERVA\u00c7\u00c3O<\/span><\/span><\/span><\/p>\n<p class=\"font_8 wixui-rich-text__text\" style=\"background: transparent; pointer-events: auto; font-size: 16px; color: rgb(var(--color_13)); letter-spacing: 0em; margin-block: 0px; margin-bottom: 0px;\"><span class=\"wixui-rich-text__text\" style=\"background: transparent; border: 0px; margin: 0px; outline: 0px; padding: 0px; vertical-align: baseline;\"><span class=\"wixui-rich-text__text\" style=\"background: transparent; border: 0px; margin: 0px; outline: 0px; padding: 0px; vertical-align: baseline; font-family: arial, '\uff4d\uff53 \uff50\u30b4\u30b7\u30c3\u30af', 'ms pgothic', \ub3cb\uc6c0, dotum, helvetica, sans-serif;\">Os dados pessoais recolhidos pela \u201cBajazet\u201d s\u00e3o por esta armazenados e conservados durante a vig\u00eancia da rela\u00e7\u00e3o de presta\u00e7\u00e3o de servi\u00e7os e\/ou contratual estabelecida e, bem assim, mesmo depois da respetiva cessa\u00e7\u00e3o, pelo per\u00edodo necess\u00e1rio ao cumprimento de obriga\u00e7\u00f5es legais, podendo tal prazo variar em conformidade com as finalidades acima referidas.<\/span><\/span><\/p>\n<p class=\"font_8 wixui-rich-text__text\" style=\"background: transparent; pointer-events: auto; font-size: 16px; color: rgb(var(--color_13)); letter-spacing: 0em; margin-block: 0px; margin-bottom: 0px;\">\u00a0<\/p>\n<p class=\"font_8 wixui-rich-text__text\" style=\"background: transparent; pointer-events: auto; font-size: 16px; color: rgb(var(--color_13)); letter-spacing: 0em; margin-block: 0px; margin-bottom: 0px;\"><span class=\"wixui-rich-text__text\" style=\"background: transparent; border: 0px; margin: 0px; outline: 0px; padding: 0px; vertical-align: baseline; font-weight: bold;\"><span class=\"wixui-rich-text__text\" style=\"background: transparent; border: 0px; margin: 0px; outline: 0px; padding: 0px; vertical-align: baseline;\"><span class=\"wixui-rich-text__text\" style=\"background: transparent; border: 0px; margin: 0px; outline: 0px; padding: 0px; vertical-align: baseline; font-family: arial, '\uff4d\uff53 \uff50\u30b4\u30b7\u30c3\u30af', 'ms pgothic', \ub3cb\uc6c0, dotum, helvetica, sans-serif;\">8. SEGURAN\u00c7A DO TRATAMENTO DOS DADOS PESSOAIS<\/span><\/span><\/span><\/p>\n<p class=\"font_8 wixui-rich-text__text\" style=\"background: transparent; pointer-events: auto; font-size: 16px; color: rgb(var(--color_13)); letter-spacing: 0em; margin-block: 0px; margin-bottom: 0px;\"><span class=\"wixui-rich-text__text\" style=\"background: transparent; border: 0px; margin: 0px; outline: 0px; padding: 0px; vertical-align: baseline;\"><span class=\"wixui-rich-text__text\" style=\"background: transparent; border: 0px; margin: 0px; outline: 0px; padding: 0px; vertical-align: baseline; font-family: arial, '\uff4d\uff53 \uff50\u30b4\u30b7\u30c3\u30af', 'ms pgothic', \ub3cb\uc6c0, dotum, helvetica, sans-serif;\"><span class=\"wixui-rich-text__text\" style=\"background: transparent; border: 0px; margin: 0px; outline: 0px; padding: 0px; vertical-align: baseline; font-weight: bold;\">8.1.\u00a0<\/span>Os dados pessoais recolhidos pela \u201cBajazet\u201d, ser\u00e3o processados e armazenados informaticamente e em suporte de papel.<\/span><\/span><\/p>\n<p class=\"font_8 wixui-rich-text__text\" style=\"background: transparent; pointer-events: auto; font-size: 16px; color: rgb(var(--color_13)); letter-spacing: 0em; margin-block: 0px; margin-bottom: 0px;\"><span class=\"wixui-rich-text__text\" style=\"background: transparent; border: 0px; margin: 0px; outline: 0px; padding: 0px; vertical-align: baseline;\"><span class=\"wixui-rich-text__text\" style=\"background: transparent; border: 0px; margin: 0px; outline: 0px; padding: 0px; vertical-align: baseline; font-family: arial, '\uff4d\uff53 \uff50\u30b4\u30b7\u30c3\u30af', 'ms pgothic', \ub3cb\uc6c0, dotum, helvetica, sans-serif;\"><span class=\"wixui-rich-text__text\" style=\"background: transparent; border: 0px; margin: 0px; outline: 0px; padding: 0px; vertical-align: baseline; font-weight: bold;\">8.2.\u00a0<\/span>A \u201cBajazet\u201d assume o compromisso de garantir a seguran\u00e7a e prote\u00e7\u00e3o dos dados pessoais que lhe forem disponibilizados, adotando as medidas adequadas necess\u00e1rias para o efeito, de natureza t\u00e9cnica e organizativa, que acautelem a ocorr\u00eancia de qualquer perda, destrui\u00e7\u00e3o, altera\u00e7\u00e3o ou acesso e utiliza\u00e7\u00e3o n\u00e3o autorizadas, em conformidade com o estado da tecnologia em cada momento, a natureza dos dados e os poss\u00edveis riscos a que estejam expostos.<\/span><\/span><\/p>\n<p class=\"font_8 wixui-rich-text__text\" style=\"background: transparent; pointer-events: auto; font-size: 16px; color: rgb(var(--color_13)); letter-spacing: 0em; margin-block: 0px; margin-bottom: 0px;\"><span class=\"wixui-rich-text__text\" style=\"background: transparent; border: 0px; margin: 0px; outline: 0px; padding: 0px; vertical-align: baseline;\"><span class=\"wixui-rich-text__text\" style=\"background: transparent; border: 0px; margin: 0px; outline: 0px; padding: 0px; vertical-align: baseline; font-family: arial, '\uff4d\uff53 \uff50\u30b4\u30b7\u30c3\u30af', 'ms pgothic', \ub3cb\uc6c0, dotum, helvetica, sans-serif;\"><span class=\"wixui-rich-text__text\" style=\"background: transparent; border: 0px; margin: 0px; outline: 0px; padding: 0px; vertical-align: baseline; font-weight: bold;\">8.3.<\/span>\u00a0\u00c0 data da elabora\u00e7\u00e3o desta vers\u00e3o da sua Pol\u00edtica de Privacidade, as referidas medidas implementadas consistem:<\/span><\/span><\/p>\n<p class=\"font_8 wixui-rich-text__text\" style=\"background: transparent; pointer-events: auto; font-size: 16px; color: rgb(var(--color_13)); letter-spacing: 0em; margin-block: 0px; margin-bottom: 0px;\"><span class=\"wixui-rich-text__text\" style=\"background: transparent; border: 0px; margin: 0px; outline: 0px; padding: 0px; vertical-align: baseline;\"><span class=\"wixui-rich-text__text\" style=\"background: transparent; border: 0px; margin: 0px; outline: 0px; padding: 0px; vertical-align: baseline; font-family: arial, '\uff4d\uff53 \uff50\u30b4\u30b7\u30c3\u30af', 'ms pgothic', \ub3cb\uc6c0, dotum, helvetica, sans-serif;\">&#8211; Na prote\u00e7\u00e3o com passwords;<\/span><\/span><\/p>\n<p class=\"font_8 wixui-rich-text__text\" style=\"background: transparent; pointer-events: auto; font-size: 16px; color: rgb(var(--color_13)); letter-spacing: 0em; margin-block: 0px; margin-bottom: 0px;\"><span class=\"wixui-rich-text__text\" style=\"background: transparent; border: 0px; margin: 0px; outline: 0px; padding: 0px; vertical-align: baseline;\"><span class=\"wixui-rich-text__text\" style=\"background: transparent; border: 0px; margin: 0px; outline: 0px; padding: 0px; vertical-align: baseline; font-family: arial, '\uff4d\uff53 \uff50\u30b4\u30b7\u30c3\u30af', 'ms pgothic', \ub3cb\uc6c0, dotum, helvetica, sans-serif;\">&#8211; Em restri\u00e7\u00f5es de entrada f\u00edsica aos locais onde os servidores de armazenamento de dados pessoais se encontram localizados;<\/span><\/span><\/p>\n<p class=\"font_8 wixui-rich-text__text\" style=\"background: transparent; pointer-events: auto; font-size: 16px; color: rgb(var(--color_13)); letter-spacing: 0em; margin-block: 0px; margin-bottom: 0px;\"><span class=\"wixui-rich-text__text\" style=\"background: transparent; border: 0px; margin: 0px; outline: 0px; padding: 0px; vertical-align: baseline;\"><span class=\"wixui-rich-text__text\" style=\"background: transparent; border: 0px; margin: 0px; outline: 0px; padding: 0px; vertical-align: baseline; font-family: arial, '\uff4d\uff53 \uff50\u30b4\u30b7\u30c3\u30af', 'ms pgothic', \ub3cb\uc6c0, dotum, helvetica, sans-serif;\"><span class=\"wixui-rich-text__text\" style=\"background: transparent; border: 0px; margin: 0px; outline: 0px; padding: 0px; vertical-align: baseline; font-weight: bold;\">8.4.\u00a0<\/span>As medidas de seguran\u00e7a referidas no ponto anterior s\u00e3o revistas e atualizadas consoante as necessidades e exig\u00eancias das respetivas mat\u00e9rias.<\/span><\/span><\/p>\n<p class=\"font_8 wixui-rich-text__text\" style=\"background: transparent; pointer-events: auto; font-size: 16px; color: rgb(var(--color_13)); letter-spacing: 0em; margin-block: 0px; margin-bottom: 0px;\"><span class=\"wixui-rich-text__text\" style=\"background: transparent; border: 0px; margin: 0px; outline: 0px; padding: 0px; vertical-align: baseline;\"><span class=\"wixui-rich-text__text\" style=\"background: transparent; border: 0px; margin: 0px; outline: 0px; padding: 0px; vertical-align: baseline; font-family: arial, '\uff4d\uff53 \uff50\u30b4\u30b7\u30c3\u30af', 'ms pgothic', \ub3cb\uc6c0, dotum, helvetica, sans-serif;\"><span class=\"wixui-rich-text__text\" style=\"background: transparent; border: 0px; margin: 0px; outline: 0px; padding: 0px; vertical-align: baseline; font-weight: bold;\">8.5.<\/span>\u00a0Caso, por algum motivo, se verifique uma viola\u00e7\u00e3o da seguran\u00e7a que provoque, de modo acidental ou il\u00edcito, a destrui\u00e7\u00e3o, a perda, a altera\u00e7\u00e3o, a divulga\u00e7\u00e3o ou o acesso, n\u00e3o autorizados aos dados pessoais, a \u201cBajazet\u201d compromete-se, nos termos da legisla\u00e7\u00e3o aplic\u00e1vel, a comunicar a ocorr\u00eancia junto das autoridades competentes, sem demora justificada e, sempre que poss\u00edvel, at\u00e9 72 horas ap\u00f3s ter tido conhecimento da mesma.<\/span><\/span><\/p>\n<p class=\"font_8 wixui-rich-text__text\" style=\"background: transparent; pointer-events: auto; font-size: 16px; color: rgb(var(--color_13)); letter-spacing: 0em; margin-block: 0px; margin-bottom: 0px;\">\u00a0<\/p>\n<p class=\"font_8 wixui-rich-text__text\" style=\"background: transparent; pointer-events: auto; font-size: 16px; color: rgb(var(--color_13)); letter-spacing: 0em; margin-block: 0px; margin-bottom: 0px;\"><span class=\"wixui-rich-text__text\" style=\"background: transparent; border: 0px; margin: 0px; outline: 0px; padding: 0px; vertical-align: baseline; font-weight: bold;\"><span class=\"wixui-rich-text__text\" style=\"background: transparent; border: 0px; margin: 0px; outline: 0px; padding: 0px; vertical-align: baseline;\"><span class=\"wixui-rich-text__text\" style=\"background: transparent; border: 0px; margin: 0px; outline: 0px; padding: 0px; vertical-align: baseline; font-family: arial, '\uff4d\uff53 \uff50\u30b4\u30b7\u30c3\u30af', 'ms pgothic', \ub3cb\uc6c0, dotum, helvetica, sans-serif;\">9. CONFIDENCIALIDADE DO TRATAMENTO DOS DADOS PESSOAIS<\/span><\/span><\/span><\/p>\n<p class=\"font_8 wixui-rich-text__text\" style=\"background: transparent; pointer-events: auto; font-size: 16px; color: rgb(var(--color_13)); letter-spacing: 0em; margin-block: 0px; margin-bottom: 0px;\"><span class=\"wixui-rich-text__text\" style=\"background: transparent; border: 0px; margin: 0px; outline: 0px; padding: 0px; vertical-align: baseline;\"><span class=\"wixui-rich-text__text\" style=\"background: transparent; border: 0px; margin: 0px; outline: 0px; padding: 0px; vertical-align: baseline; font-family: arial, '\uff4d\uff53 \uff50\u30b4\u30b7\u30c3\u30af', 'ms pgothic', \ub3cb\uc6c0, dotum, helvetica, sans-serif;\">A \u201cBajazet\u201d, adota uma pol\u00edtica de confidencialidade dos dados pessoais que lhe s\u00e3o fornecidos, limitando o respetivo acesso e uso aos seus colaboradores, que est\u00e3o obrigados a um dever de sigilo e confidencialidade.<\/span><\/span><\/p>\n<p class=\"font_8 wixui-rich-text__text\" style=\"background: transparent; pointer-events: auto; font-size: 16px; color: rgb(var(--color_13)); letter-spacing: 0em; margin-block: 0px; margin-bottom: 0px;\">\u00a0<\/p>\n<p class=\"font_8 wixui-rich-text__text\" style=\"background: transparent; pointer-events: auto; font-size: 16px; color: rgb(var(--color_13)); letter-spacing: 0em; margin-block: 0px; margin-bottom: 0px;\"><span class=\"wixui-rich-text__text\" style=\"background: transparent; border: 0px; margin: 0px; outline: 0px; padding: 0px; vertical-align: baseline; font-weight: bold;\"><span class=\"wixui-rich-text__text\" style=\"background: transparent; border: 0px; margin: 0px; outline: 0px; padding: 0px; vertical-align: baseline;\"><span class=\"wixui-rich-text__text\" style=\"background: transparent; border: 0px; margin: 0px; outline: 0px; padding: 0px; vertical-align: baseline; font-family: arial, '\uff4d\uff53 \uff50\u30b4\u30b7\u30c3\u30af', 'ms pgothic', \ub3cb\uc6c0, dotum, helvetica, sans-serif;\">10. DIREITO DE ACESSO, RETIFICA\u00c7\u00c3O, APAGAMENTO, LIMITA\u00c7\u00c3O DO TRATAMENTO E DIREITO DE PORTABILIDADE DOS DADOS PESSOAIS<\/span><\/span><\/span><\/p>\n<p class=\"font_8 wixui-rich-text__text\" style=\"background: transparent; pointer-events: auto; font-size: 16px; color: rgb(var(--color_13)); letter-spacing: 0em; margin-block: 0px; margin-bottom: 0px;\"><span class=\"wixui-rich-text__text\" style=\"background: transparent; border: 0px; margin: 0px; outline: 0px; padding: 0px; vertical-align: baseline;\"><span class=\"wixui-rich-text__text\" style=\"background: transparent; border: 0px; margin: 0px; outline: 0px; padding: 0px; vertical-align: baseline; font-family: arial, '\uff4d\uff53 \uff50\u30b4\u30b7\u30c3\u30af', 'ms pgothic', \ub3cb\uc6c0, dotum, helvetica, sans-serif;\"><span class=\"wixui-rich-text__text\" style=\"background: transparent; border: 0px; margin: 0px; outline: 0px; padding: 0px; vertical-align: baseline; font-weight: bold;\">10.1.<\/span>\u00a0A \u201cBajazet\u201d assegura ao titular dos dados, a qualquer momento, o direito de acesso aos seus dados pessoais, bem como a respetiva retifica\u00e7\u00e3o, elimina\u00e7\u00e3o, portabilidade, limita\u00e7\u00e3o e\/ou oposi\u00e7\u00e3o ao tratamento.<\/span><\/span><\/p>\n<p class=\"font_8 wixui-rich-text__text\" style=\"background: transparent; pointer-events: auto; font-size: 16px; color: rgb(var(--color_13)); letter-spacing: 0em; margin-block: 0px; margin-bottom: 0px;\"><span class=\"wixui-rich-text__text\" style=\"background: transparent; border: 0px; margin: 0px; outline: 0px; padding: 0px; vertical-align: baseline;\"><span class=\"wixui-rich-text__text\" style=\"background: transparent; border: 0px; margin: 0px; outline: 0px; padding: 0px; vertical-align: baseline; font-family: arial, '\uff4d\uff53 \uff50\u30b4\u30b7\u30c3\u30af', 'ms pgothic', \ub3cb\uc6c0, dotum, helvetica, sans-serif;\"><span class=\"wixui-rich-text__text\" style=\"background: transparent; border: 0px; margin: 0px; outline: 0px; padding: 0px; vertical-align: baseline; font-weight: bold;\">10.2.<\/span>\u00a0Especificamente no que respeita ao direito de apagamento, o titular dos dados pessoais tem o direito de obter, do respons\u00e1vel pelo seu tratamento, a elimina\u00e7\u00e3o dos seus dados pessoais, o qual, por sua vez, ter\u00e1 a obriga\u00e7\u00e3o de os eliminar, sempre que seja aplic\u00e1vel um dos seguintes motivos:<\/span><\/span><\/p>\n<p class=\"font_8 wixui-rich-text__text\" style=\"background: transparent; pointer-events: auto; font-size: 16px; color: rgb(var(--color_13)); letter-spacing: 0em; margin-block: 0px; margin-bottom: 0px;\"><span class=\"wixui-rich-text__text\" style=\"background: transparent; border: 0px; margin: 0px; outline: 0px; padding: 0px; vertical-align: baseline;\"><span class=\"wixui-rich-text__text\" style=\"background: transparent; border: 0px; margin: 0px; outline: 0px; padding: 0px; vertical-align: baseline; font-family: arial, '\uff4d\uff53 \uff50\u30b4\u30b7\u30c3\u30af', 'ms pgothic', \ub3cb\uc6c0, dotum, helvetica, sans-serif;\"><span class=\"wixui-rich-text__text\" style=\"background: transparent; border: 0px; margin: 0px; outline: 0px; padding: 0px; vertical-align: baseline; font-weight: bold;\">(i)<\/span>\u00a0Os dados deixem de ser necess\u00e1rios para a finalidade que motivou a sua recolha ou tratamento;<\/span><\/span><\/p>\n<p class=\"font_8 wixui-rich-text__text\" style=\"background: transparent; pointer-events: auto; font-size: 16px; color: rgb(var(--color_13)); letter-spacing: 0em; margin-block: 0px; margin-bottom: 0px;\"><span class=\"wixui-rich-text__text\" style=\"background: transparent; border: 0px; margin: 0px; outline: 0px; padding: 0px; vertical-align: baseline;\"><span class=\"wixui-rich-text__text\" style=\"background: transparent; border: 0px; margin: 0px; outline: 0px; padding: 0px; vertical-align: baseline; font-family: arial, '\uff4d\uff53 \uff50\u30b4\u30b7\u30c3\u30af', 'ms pgothic', \ub3cb\uc6c0, dotum, helvetica, sans-serif;\"><span class=\"wixui-rich-text__text\" style=\"background: transparent; border: 0px; margin: 0px; outline: 0px; padding: 0px; vertical-align: baseline; font-weight: bold;\">(ii)\u00a0<\/span>O titular retire o consentimento, quando o consentimento for a base legal ou o titular se oponha ao tratamento e n\u00e3o existam interesses leg\u00edtimos prevalecentes que justifiquem a sua manuten\u00e7\u00e3o.<\/span><\/span><\/p>\n<p class=\"font_8 wixui-rich-text__text\" style=\"background: transparent; pointer-events: auto; font-size: 16px; color: rgb(var(--color_13)); letter-spacing: 0em; margin-block: 0px; margin-bottom: 0px;\"><span class=\"wixui-rich-text__text\" style=\"background: transparent; border: 0px; margin: 0px; outline: 0px; padding: 0px; vertical-align: baseline;\"><span class=\"wixui-rich-text__text\" style=\"background: transparent; border: 0px; margin: 0px; outline: 0px; padding: 0px; vertical-align: baseline; font-family: arial, '\uff4d\uff53 \uff50\u30b4\u30b7\u30c3\u30af', 'ms pgothic', \ub3cb\uc6c0, dotum, helvetica, sans-serif;\"><span class=\"wixui-rich-text__text\" style=\"background: transparent; border: 0px; margin: 0px; outline: 0px; padding: 0px; vertical-align: baseline; font-weight: bold;\">10.3.<\/span>\u00a0O titular dos dados pessoais poder\u00e1 exercer qualquer destes direitos dirigindo-se, por escrito, \u00e0 \u201cBajazet\u201d, atrav\u00e9s da morada da sede ou atrav\u00e9s do seguinte correio eletr\u00f3nico:\u00a0<span class=\"wixui-rich-text__text\" style=\"background: transparent; border: 0px; margin: 0px; outline: 0px; padding: 0px; vertical-align: baseline; text-decoration-line: underline;\"><a class=\"wixui-rich-text__text\" style=\"background-image: initial; background-position: initial; background-size: initial; background-repeat: initial; background-attachment: initial; background-origin: initial; background-clip: initial; border: 0px; margin: 0px; outline: 0px; padding: 0px; vertical-align: baseline; cursor: pointer;\" href=\"mailto:protecaodedados@bajazet.pt\" target=\"_self\">protecaodedados@bajazet.pt<\/a><\/span>\u00a0<\/span><\/span><\/p>\n<p class=\"font_8 wixui-rich-text__text\" style=\"background: transparent; pointer-events: auto; font-size: 16px; color: rgb(var(--color_13)); letter-spacing: 0em; margin-block: 0px; margin-bottom: 0px;\">\u00a0<\/p>\n<p class=\"font_8 wixui-rich-text__text\" style=\"background: transparent; pointer-events: auto; font-size: 16px; color: rgb(var(--color_13)); letter-spacing: 0em; margin-block: 0px; margin-bottom: 0px;\"><span class=\"wixui-rich-text__text\" style=\"background: transparent; border: 0px; margin: 0px; outline: 0px; padding: 0px; vertical-align: baseline; font-weight: bold;\"><span class=\"wixui-rich-text__text\" style=\"background: transparent; border: 0px; margin: 0px; outline: 0px; padding: 0px; vertical-align: baseline;\"><span class=\"wixui-rich-text__text\" style=\"background: transparent; border: 0px; margin: 0px; outline: 0px; padding: 0px; vertical-align: baseline; font-family: arial, '\uff4d\uff53 \uff50\u30b4\u30b7\u30c3\u30af', 'ms pgothic', \ub3cb\uc6c0, dotum, helvetica, sans-serif;\">11. DIREITO DE APRESENTAR UMA RECLAMA\u00c7\u00c3O \u00c0 AUTORIDADE DE CONTROLO<\/span><\/span><\/span><\/p>\n<p class=\"font_8 wixui-rich-text__text\" style=\"background: transparent; pointer-events: auto; font-size: 16px; color: rgb(var(--color_13)); letter-spacing: 0em; margin-block: 0px; margin-bottom: 0px;\"><span class=\"wixui-rich-text__text\" style=\"background: transparent; border: 0px; margin: 0px; outline: 0px; padding: 0px; vertical-align: baseline;\"><span class=\"wixui-rich-text__text\" style=\"background: transparent; border: 0px; margin: 0px; outline: 0px; padding: 0px; vertical-align: baseline; font-family: arial, '\uff4d\uff53 \uff50\u30b4\u30b7\u30c3\u30af', 'ms pgothic', \ub3cb\uc6c0, dotum, helvetica, sans-serif;\">O titular dos dados poder\u00e1 sempre apresentar as reclama\u00e7\u00f5es que entender necess\u00e1rias junto da autoridade competente para o efeito (previsivelmente, em Portugal, tal Autoridade ser\u00e1 a CNPD \u2013 Comiss\u00e3o Nacional de Prote\u00e7\u00e3o de Dados \u2013\u00a0<span class=\"wixui-rich-text__text\" style=\"background: transparent; border: 0px; margin: 0px; outline: 0px; padding: 0px; vertical-align: baseline; text-decoration-line: underline;\"><a class=\"wixui-rich-text__text\" style=\"background-image: initial; background-position: initial; background-size: initial; background-repeat: initial; background-attachment: initial; background-origin: initial; background-clip: initial; border: 0px; margin: 0px; outline: 0px; padding: 0px; vertical-align: baseline; cursor: pointer;\" href=\"http:\/\/www.cnpd.pt\/\" target=\"_blank\" rel=\"noreferrer noopener\">www.cnpd.pt<\/a><\/span>).<\/span><\/span><\/p>\n<p class=\"font_8 wixui-rich-text__text\" style=\"background: transparent; pointer-events: auto; font-size: 16px; color: rgb(var(--color_13)); letter-spacing: 0em; margin-block: 0px; margin-bottom: 0px;\">\u00a0<\/p>\n<p class=\"font_8 wixui-rich-text__text\" style=\"background: transparent; pointer-events: auto; font-size: 16px; color: rgb(var(--color_13)); letter-spacing: 0em; margin-block: 0px; margin-bottom: 0px;\"><span class=\"wixui-rich-text__text\" style=\"background: transparent; border: 0px; margin: 0px; outline: 0px; padding: 0px; vertical-align: baseline; font-weight: bold;\"><span class=\"wixui-rich-text__text\" style=\"background: transparent; border: 0px; margin: 0px; outline: 0px; padding: 0px; vertical-align: baseline;\"><span class=\"wixui-rich-text__text\" style=\"background: transparent; border: 0px; margin: 0px; outline: 0px; padding: 0px; vertical-align: baseline; font-family: arial, '\uff4d\uff53 \uff50\u30b4\u30b7\u30c3\u30af', 'ms pgothic', \ub3cb\uc6c0, dotum, helvetica, sans-serif;\">12. COMUNICA\u00c7\u00c3O DE DADOS PESSOAIS A OUTRAS ENTIDADES<\/span><\/span><\/span><\/p>\n<p class=\"font_8 wixui-rich-text__text\" style=\"background: transparent; pointer-events: auto; font-size: 16px; color: rgb(var(--color_13)); letter-spacing: 0em; margin-block: 0px; margin-bottom: 0px;\"><span class=\"wixui-rich-text__text\" style=\"background: transparent; border: 0px; margin: 0px; outline: 0px; padding: 0px; vertical-align: baseline;\"><span class=\"wixui-rich-text__text\" style=\"background: transparent; border: 0px; margin: 0px; outline: 0px; padding: 0px; vertical-align: baseline; font-family: arial, '\uff4d\uff53 \uff50\u30b4\u30b7\u30c3\u30af', 'ms pgothic', \ub3cb\uc6c0, dotum, helvetica, sans-serif;\"><span class=\"wixui-rich-text__text\" style=\"background: transparent; border: 0px; margin: 0px; outline: 0px; padding: 0px; vertical-align: baseline; font-weight: bold;\">12.1.\u00a0<\/span>No \u00e2mbito da sua atividade, a \u201cBajazet\u201d poder\u00e1 recorrer a terceiros para a presta\u00e7\u00e3o de determinados servi\u00e7os (localizados dentro ou fora da Uni\u00e3o Europeia), o que poder\u00e1 implicar, em algumas situa\u00e7\u00f5es, o acesso, por tais entidades, aos dados pessoais do titular dos dados.<\/span><\/span><\/p>\n<p class=\"font_8 wixui-rich-text__text\" style=\"background: transparent; pointer-events: auto; font-size: 16px; color: rgb(var(--color_13)); letter-spacing: 0em; margin-block: 0px; margin-bottom: 0px;\"><span class=\"wixui-rich-text__text\" style=\"background: transparent; border: 0px; margin: 0px; outline: 0px; padding: 0px; vertical-align: baseline;\"><span class=\"wixui-rich-text__text\" style=\"background: transparent; border: 0px; margin: 0px; outline: 0px; padding: 0px; vertical-align: baseline; font-family: arial, '\uff4d\uff53 \uff50\u30b4\u30b7\u30c3\u30af', 'ms pgothic', \ub3cb\uc6c0, dotum, helvetica, sans-serif;\"><span class=\"wixui-rich-text__text\" style=\"background: transparent; border: 0px; margin: 0px; outline: 0px; padding: 0px; vertical-align: baseline; font-weight: bold;\">12.2.<\/span>\u00a0Num tal cen\u00e1rio, a \u201cBajazet\u201d compromete-se a adotar as medidas necess\u00e1rias e adequadas, por forma a assegurar que as entidades que tenham acesso a tais dados pessoais, sejam reputadas e ofere\u00e7am elevadas garantias a este n\u00edvel, o que ficar\u00e1 devidamente consagrado e acautelado em contrato a celebrar, por escrito, entre a \u201cBajazet\u201d e a(s) terceira(s) entidade(s).<\/span><\/span><\/p>\n<p class=\"font_8 wixui-rich-text__text\" style=\"background: transparent; pointer-events: auto; font-size: 16px; color: rgb(var(--color_13)); letter-spacing: 0em; margin-block: 0px; margin-bottom: 0px;\"><span class=\"wixui-rich-text__text\" style=\"background: transparent; border: 0px; margin: 0px; outline: 0px; padding: 0px; vertical-align: baseline;\"><span class=\"wixui-rich-text__text\" style=\"background: transparent; border: 0px; margin: 0px; outline: 0px; padding: 0px; vertical-align: baseline; font-family: arial, '\uff4d\uff53 \uff50\u30b4\u30b7\u30c3\u30af', 'ms pgothic', \ub3cb\uc6c0, dotum, helvetica, sans-serif;\"><span class=\"wixui-rich-text__text\" style=\"background: transparent; border: 0px; margin: 0px; outline: 0px; padding: 0px; vertical-align: baseline; font-weight: bold;\">12.3.\u00a0<\/span>Qualquer entidade subcontratada pela \u201cBajazet\u201d tratar\u00e1 os dados pessoais do titular dos dados, em seu nome e por sua conta no compromisso de adotar as medidas t\u00e9cnicas e organizacionais necess\u00e1rias por forma a proteger os dados pessoais contra a destrui\u00e7\u00e3o, acidental ou il\u00edcita, a perda acidental, a altera\u00e7\u00e3o, a difus\u00e3o ou o acesso n\u00e3o autorizado e contra qualquer outra forma de tratamento il\u00edcito.<\/span><\/span><\/p>\n<p class=\"font_8 wixui-rich-text__text\" style=\"background: transparent; pointer-events: auto; font-size: 16px; color: rgb(var(--color_13)); letter-spacing: 0em; margin-block: 0px; margin-bottom: 0px;\"><span class=\"wixui-rich-text__text\" style=\"background: transparent; border: 0px; margin: 0px; outline: 0px; padding: 0px; vertical-align: baseline;\"><span class=\"wixui-rich-text__text\" style=\"background: transparent; border: 0px; margin: 0px; outline: 0px; padding: 0px; vertical-align: baseline; font-family: arial, '\uff4d\uff53 \uff50\u30b4\u30b7\u30c3\u30af', 'ms pgothic', \ub3cb\uc6c0, dotum, helvetica, sans-serif;\"><span class=\"wixui-rich-text__text\" style=\"background: transparent; border: 0px; margin: 0px; outline: 0px; padding: 0px; vertical-align: baseline; font-weight: bold;\">12.4.<\/span>\u00a0Em qualquer dos casos, a \u201cBajazet\u201d permanece respons\u00e1vel pelo tratamento dos dados pessoais.<\/span><\/span><\/p>\n<p class=\"font_8 wixui-rich-text__text\" style=\"background: transparent; pointer-events: auto; font-size: 16px; color: rgb(var(--color_13)); letter-spacing: 0em; margin-block: 0px; margin-bottom: 0px;\"><span class=\"wixui-rich-text__text\" style=\"background: transparent; border: 0px; margin: 0px; outline: 0px; padding: 0px; vertical-align: baseline;\"><span class=\"wixui-rich-text__text\" style=\"background: transparent; border: 0px; margin: 0px; outline: 0px; padding: 0px; vertical-align: baseline; font-family: arial, '\uff4d\uff53 \uff50\u30b4\u30b7\u30c3\u30af', 'ms pgothic', \ub3cb\uc6c0, dotum, helvetica, sans-serif;\"><span class=\"wixui-rich-text__text\" style=\"background: transparent; border: 0px; margin: 0px; outline: 0px; padding: 0px; vertical-align: baseline; font-weight: bold;\">12.5.<\/span>\u00a0Sempre que necess\u00e1rio, e no \u00e2mbito da contrata\u00e7\u00e3o de terceiros pela \u201cBajazet\u201d, os dados pessoais poder\u00e3o ser transferidos para fora da Uni\u00e3o Europeia, nos termos e condi\u00e7\u00f5es permitidos pela legisla\u00e7\u00e3o aplic\u00e1vel.<\/span><\/span><\/p>\n<p class=\"font_8 wixui-rich-text__text\" style=\"background: transparent; pointer-events: auto; font-size: 16px; color: rgb(var(--color_13)); letter-spacing: 0em; margin-block: 0px; margin-bottom: 0px;\">\u00a0<\/p>\n<p class=\"font_8 wixui-rich-text__text\" style=\"background: transparent; pointer-events: auto; font-size: 16px; color: rgb(var(--color_13)); letter-spacing: 0em; margin-block: 0px; margin-bottom: 0px;\"><span class=\"wixui-rich-text__text\" style=\"background: transparent; border: 0px; margin: 0px; outline: 0px; padding: 0px; vertical-align: baseline; font-weight: bold;\"><span class=\"wixui-rich-text__text\" style=\"background: transparent; border: 0px; margin: 0px; outline: 0px; padding: 0px; vertical-align: baseline;\"><span class=\"wixui-rich-text__text\" style=\"background: transparent; border: 0px; margin: 0px; outline: 0px; padding: 0px; vertical-align: baseline; font-family: arial, '\uff4d\uff53 \uff50\u30b4\u30b7\u30c3\u30af', 'ms pgothic', \ub3cb\uc6c0, dotum, helvetica, sans-serif;\">13. DIREITO DE ALTERA\u00c7\u00c3O DA POL\u00cdTICA DE PRIVACIDADE<\/span><\/span><\/span><\/p>\n<p class=\"font_8 wixui-rich-text__text\" style=\"background: transparent; pointer-events: auto; font-size: 16px; color: rgb(var(--color_13)); letter-spacing: 0em; margin-block: 0px; margin-bottom: 0px;\"><span class=\"wixui-rich-text__text\" style=\"background: transparent; border: 0px; margin: 0px; outline: 0px; padding: 0px; vertical-align: baseline;\"><span class=\"wixui-rich-text__text\" style=\"background: transparent; border: 0px; margin: 0px; outline: 0px; padding: 0px; vertical-align: baseline; font-family: arial, '\uff4d\uff53 \uff50\u30b4\u30b7\u30c3\u30af', 'ms pgothic', \ub3cb\uc6c0, dotum, helvetica, sans-serif;\">A \u201cBajazet\u201d reserva-se o direito de, a qualquer altura, proceder a reajustamentos ou altera\u00e7\u00f5es \u00e0 presente Pol\u00edtica de Privacidade, por forma a adapt\u00e1-la \u00e0 sua realidade e\/ou a eventuais altera\u00e7\u00f5es legislativas que assim o venham a exigir.<\/span><\/span><\/p>\n<p class=\"font_8 wixui-rich-text__text\" style=\"background: transparent; pointer-events: auto; font-size: 16px; color: rgb(var(--color_13)); letter-spacing: 0em; margin-block: 0px; margin-bottom: 0px;\">\u00a0<\/p>\n<p class=\"font_8 wixui-rich-text__text\" style=\"background: transparent; pointer-events: auto; font-size: 16px; color: rgb(var(--color_13)); letter-spacing: 0em; margin-block: 0px; margin-bottom: 0px;\"><span class=\"wixui-rich-text__text\" style=\"background: transparent; border: 0px; margin: 0px; outline: 0px; padding: 0px; vertical-align: baseline;\"><span class=\"wixui-rich-text__text\" style=\"background: transparent; border: 0px; margin: 0px; outline: 0px; padding: 0px; vertical-align: baseline; font-family: arial, '\uff4d\uff53 \uff50\u30b4\u30b7\u30c3\u30af', 'ms pgothic', \ub3cb\uc6c0, dotum, helvetica, sans-serif;\">A vers\u00e3o ora divulgada \u00e9 a que se encontra atualmente em vigor.<\/span><\/span><\/p>\n<\/div>\n<p><!-- \/wp:paragraph --><\/p>\t\t\t\t\t\t<\/div>\n\t\t\t\t<\/div>\n\t\t\t\t\t<\/div>\n\t\t<\/div>\n\t\t\t\t\t<\/div>\n\t\t<\/section>\n\t\t\t\t<\/div>\n\t\t","protected":false},"excerpt":{"rendered":"<p>Pol\u00edtica de Privacidade Tratamento e Prote\u00e7\u00e3o de Dados A Bajazet M\u00e1quinas e Equipamentos, S.A., doravante abreviadamente designada por \u201cBajazet\u201d, est\u00e1 [&hellip;]<\/p>\n","protected":false},"author":7,"featured_media":0,"parent":0,"menu_order":0,"comment_status":"closed","ping_status":"closed","template":"","meta":{"site-sidebar-layout":"no-sidebar","site-content-layout":"page-builder","ast-site-content-layout":"full-width-container","site-content-style":"unboxed","site-sidebar-style":"unboxed","ast-global-header-display":"","ast-banner-title-visibility":"","ast-main-header-display":"","ast-hfb-above-header-display":"","ast-hfb-below-header-display":"","ast-hfb-mobile-header-display":"","site-post-title":"disabled","ast-breadcrumbs-content":"","ast-featured-img":"disabled","footer-sml-layout":"","theme-transparent-header-meta":"enabled","adv-header-id-meta":"","stick-header-meta":"","header-above-stick-meta":"","header-main-stick-meta":"","header-below-stick-meta":"","astra-migrate-meta-layouts":"set","ast-page-background-enabled":"default","ast-page-background-meta":{"desktop":{"background-color":"","background-image":"","background-repeat":"repeat","background-position":"center center","background-size":"auto","background-attachment":"scroll","background-type":"","background-media":"","overlay-type":"","overlay-color":"","overlay-opacity":"","overlay-gradient":""},"tablet":{"background-color":"","background-image":"","background-repeat":"repeat","background-position":"center center","background-size":"auto","background-attachment":"scroll","background-type":"","background-media":"","overlay-type":"","overlay-color":"","overlay-opacity":"","overlay-gradient":""},"mobile":{"background-color":"","background-image":"","background-repeat":"repeat","background-position":"center center","background-size":"auto","background-attachment":"scroll","background-type":"","background-media":"","overlay-type":"","overlay-color":"","overlay-opacity":"","overlay-gradient":""}},"ast-content-background-meta":{"desktop":{"background-color":"var(--ast-global-color-5)","background-image":"","background-repeat":"repeat","background-position":"center center","background-size":"auto","background-attachment":"scroll","background-type":"","background-media":"","overlay-type":"","overlay-color":"","overlay-opacity":"","overlay-gradient":""},"tablet":{"background-color":"var(--ast-global-color-5)","background-image":"","background-repeat":"repeat","background-position":"center center","background-size":"auto","background-attachment":"scroll","background-type":"","background-media":"","overlay-type":"","overlay-color":"","overlay-opacity":"","overlay-gradient":""},"mobile":{"background-color":"var(--ast-global-color-5)","background-image":"","background-repeat":"repeat","background-position":"center center","background-size":"auto","background-attachment":"scroll","background-type":"","background-media":"","overlay-type":"","overlay-color":"","overlay-opacity":"","overlay-gradient":""}},"footnotes":""},"class_list":["post-2525","page","type-page","status-publish","hentry"],"aioseo_notices":[],"yoast_head":"<!-- This site is optimized with the Yoast SEO plugin v23.9 - https:\/\/yoast.com\/wordpress\/plugins\/seo\/ -->\n<title>Pol\u00edtica de Privacidade - Bajazet<\/title>\n<meta name=\"robots\" content=\"index, follow, max-snippet:-1, max-image-preview:large, max-video-preview:-1\" \/>\n<link rel=\"canonical\" href=\"https:\/\/retail.alojar.pt\/bajazet\/politica-de-privacidade\/\" \/>\n<meta property=\"og:locale\" content=\"pt_PT\" \/>\n<meta property=\"og:type\" content=\"article\" \/>\n<meta property=\"og:title\" content=\"Pol\u00edtica de Privacidade - Bajazet\" \/>\n<meta property=\"og:description\" content=\"Pol\u00edtica de Privacidade Tratamento e Prote\u00e7\u00e3o de Dados A Bajazet M\u00e1quinas e Equipamentos, S.A., doravante abreviadamente designada por \u201cBajazet\u201d, est\u00e1 [&hellip;]\" \/>\n<meta property=\"og:url\" content=\"https:\/\/retail.alojar.pt\/bajazet\/politica-de-privacidade\/\" \/>\n<meta property=\"og:site_name\" content=\"Bajazet\" \/>\n<meta property=\"article:modified_time\" content=\"2024-02-03T18:27:37+00:00\" \/>\n<meta name=\"twitter:card\" content=\"summary_large_image\" \/>\n<meta name=\"twitter:label1\" content=\"Tempo estimado de leitura\" \/>\n\t<meta name=\"twitter:data1\" content=\"8 minutos\" \/>\n<script type=\"application\/ld+json\" class=\"yoast-schema-graph\">{\"@context\":\"https:\/\/schema.org\",\"@graph\":[{\"@type\":\"WebPage\",\"@id\":\"https:\/\/retail.alojar.pt\/bajazet\/politica-de-privacidade\/\",\"url\":\"https:\/\/retail.alojar.pt\/bajazet\/politica-de-privacidade\/\",\"name\":\"Pol\u00edtica de Privacidade - Bajazet\",\"isPartOf\":{\"@id\":\"https:\/\/retail.alojar.pt\/bajazet\/#website\"},\"datePublished\":\"2024-01-28T20:53:10+00:00\",\"dateModified\":\"2024-02-03T18:27:37+00:00\",\"breadcrumb\":{\"@id\":\"https:\/\/retail.alojar.pt\/bajazet\/politica-de-privacidade\/#breadcrumb\"},\"inLanguage\":\"pt-PT\",\"potentialAction\":[{\"@type\":\"ReadAction\",\"target\":[\"https:\/\/retail.alojar.pt\/bajazet\/politica-de-privacidade\/\"]}]},{\"@type\":\"BreadcrumbList\",\"@id\":\"https:\/\/retail.alojar.pt\/bajazet\/politica-de-privacidade\/#breadcrumb\",\"itemListElement\":[{\"@type\":\"ListItem\",\"position\":1,\"name\":\"In\u00edcio\",\"item\":\"https:\/\/retail.alojar.pt\/bajazet\/\"},{\"@type\":\"ListItem\",\"position\":2,\"name\":\"Pol\u00edtica de Privacidade\"}]},{\"@type\":\"WebSite\",\"@id\":\"https:\/\/retail.alojar.pt\/bajazet\/#website\",\"url\":\"https:\/\/retail.alojar.pt\/bajazet\/\",\"name\":\"Bajazet\",\"description\":\"\",\"publisher\":{\"@id\":\"https:\/\/retail.alojar.pt\/bajazet\/#organization\"},\"potentialAction\":[{\"@type\":\"SearchAction\",\"target\":{\"@type\":\"EntryPoint\",\"urlTemplate\":\"https:\/\/retail.alojar.pt\/bajazet\/?s={search_term_string}\"},\"query-input\":{\"@type\":\"PropertyValueSpecification\",\"valueRequired\":true,\"valueName\":\"search_term_string\"}}],\"inLanguage\":\"pt-PT\"},{\"@type\":\"Organization\",\"@id\":\"https:\/\/retail.alojar.pt\/bajazet\/#organization\",\"name\":\"Bajazet\",\"url\":\"https:\/\/retail.alojar.pt\/bajazet\/\",\"logo\":{\"@type\":\"ImageObject\",\"inLanguage\":\"pt-PT\",\"@id\":\"https:\/\/retail.alojar.pt\/bajazet\/#\/schema\/logo\/image\/\",\"url\":\"https:\/\/retail.alojar.pt\/bajazet\/wp-content\/uploads\/sites\/6\/2024\/01\/Registado2-bajazet_logo.png\",\"contentUrl\":\"https:\/\/retail.alojar.pt\/bajazet\/wp-content\/uploads\/sites\/6\/2024\/01\/Registado2-bajazet_logo.png\",\"width\":2671,\"height\":1042,\"caption\":\"Bajazet\"},\"image\":{\"@id\":\"https:\/\/retail.alojar.pt\/bajazet\/#\/schema\/logo\/image\/\"}}]}<\/script>\n<!-- \/ Yoast SEO plugin. -->","yoast_head_json":{"title":"Pol\u00edtica de Privacidade - Bajazet","robots":{"index":"index","follow":"follow","max-snippet":"max-snippet:-1","max-image-preview":"max-image-preview:large","max-video-preview":"max-video-preview:-1"},"canonical":"https:\/\/retail.alojar.pt\/bajazet\/politica-de-privacidade\/","og_locale":"pt_PT","og_type":"article","og_title":"Pol\u00edtica de Privacidade - Bajazet","og_description":"Pol\u00edtica de Privacidade Tratamento e Prote\u00e7\u00e3o de Dados A Bajazet M\u00e1quinas e Equipamentos, S.A., doravante abreviadamente designada por \u201cBajazet\u201d, est\u00e1 [&hellip;]","og_url":"https:\/\/retail.alojar.pt\/bajazet\/politica-de-privacidade\/","og_site_name":"Bajazet","article_modified_time":"2024-02-03T18:27:37+00:00","twitter_card":"summary_large_image","twitter_misc":{"Tempo estimado de leitura":"8 minutos"},"schema":{"@context":"https:\/\/schema.org","@graph":[{"@type":"WebPage","@id":"https:\/\/retail.alojar.pt\/bajazet\/politica-de-privacidade\/","url":"https:\/\/retail.alojar.pt\/bajazet\/politica-de-privacidade\/","name":"Pol\u00edtica de Privacidade - Bajazet","isPartOf":{"@id":"https:\/\/retail.alojar.pt\/bajazet\/#website"},"datePublished":"2024-01-28T20:53:10+00:00","dateModified":"2024-02-03T18:27:37+00:00","breadcrumb":{"@id":"https:\/\/retail.alojar.pt\/bajazet\/politica-de-privacidade\/#breadcrumb"},"inLanguage":"pt-PT","potentialAction":[{"@type":"ReadAction","target":["https:\/\/retail.alojar.pt\/bajazet\/politica-de-privacidade\/"]}]},{"@type":"BreadcrumbList","@id":"https:\/\/retail.alojar.pt\/bajazet\/politica-de-privacidade\/#breadcrumb","itemListElement":[{"@type":"ListItem","position":1,"name":"In\u00edcio","item":"https:\/\/retail.alojar.pt\/bajazet\/"},{"@type":"ListItem","position":2,"name":"Pol\u00edtica de Privacidade"}]},{"@type":"WebSite","@id":"https:\/\/retail.alojar.pt\/bajazet\/#website","url":"https:\/\/retail.alojar.pt\/bajazet\/","name":"Bajazet","description":"","publisher":{"@id":"https:\/\/retail.alojar.pt\/bajazet\/#organization"},"potentialAction":[{"@type":"SearchAction","target":{"@type":"EntryPoint","urlTemplate":"https:\/\/retail.alojar.pt\/bajazet\/?s={search_term_string}"},"query-input":{"@type":"PropertyValueSpecification","valueRequired":true,"valueName":"search_term_string"}}],"inLanguage":"pt-PT"},{"@type":"Organization","@id":"https:\/\/retail.alojar.pt\/bajazet\/#organization","name":"Bajazet","url":"https:\/\/retail.alojar.pt\/bajazet\/","logo":{"@type":"ImageObject","inLanguage":"pt-PT","@id":"https:\/\/retail.alojar.pt\/bajazet\/#\/schema\/logo\/image\/","url":"https:\/\/retail.alojar.pt\/bajazet\/wp-content\/uploads\/sites\/6\/2024\/01\/Registado2-bajazet_logo.png","contentUrl":"https:\/\/retail.alojar.pt\/bajazet\/wp-content\/uploads\/sites\/6\/2024\/01\/Registado2-bajazet_logo.png","width":2671,"height":1042,"caption":"Bajazet"},"image":{"@id":"https:\/\/retail.alojar.pt\/bajazet\/#\/schema\/logo\/image\/"}}]}},"rttpg_featured_image_url":null,"rttpg_author":{"display_name":"anapeixoto","author_link":"https:\/\/retail.alojar.pt\/bajazet\/author\/anapeixoto\/"},"rttpg_comment":0,"rttpg_category":null,"rttpg_excerpt":"Pol\u00edtica de Privacidade Tratamento e Prote\u00e7\u00e3o de Dados A Bajazet M\u00e1quinas e Equipamentos, S.A., doravante abreviadamente designada por \u201cBajazet\u201d, est\u00e1 [&hellip;]","_links":{"self":[{"href":"https:\/\/retail.alojar.pt\/bajazet\/wp-json\/wp\/v2\/pages\/2525","targetHints":{"allow":["GET"]}}],"collection":[{"href":"https:\/\/retail.alojar.pt\/bajazet\/wp-json\/wp\/v2\/pages"}],"about":[{"href":"https:\/\/retail.alojar.pt\/bajazet\/wp-json\/wp\/v2\/types\/page"}],"author":[{"embeddable":true,"href":"https:\/\/retail.alojar.pt\/bajazet\/wp-json\/wp\/v2\/users\/7"}],"replies":[{"embeddable":true,"href":"https:\/\/retail.alojar.pt\/bajazet\/wp-json\/wp\/v2\/comments?post=2525"}],"version-history":[{"count":7,"href":"https:\/\/retail.alojar.pt\/bajazet\/wp-json\/wp\/v2\/pages\/2525\/revisions"}],"predecessor-version":[{"id":2590,"href":"https:\/\/retail.alojar.pt\/bajazet\/wp-json\/wp\/v2\/pages\/2525\/revisions\/2590"}],"wp:attachment":[{"href":"https:\/\/retail.alojar.pt\/bajazet\/wp-json\/wp\/v2\/media?parent=2525"}],"curies":[{"name":"wp","href":"https:\/\/api.w.org\/{rel}","templated":true}]}}